{"id":3331,"date":"2021-04-21T07:07:46","date_gmt":"2021-04-21T07:07:46","guid":{"rendered":"https:\/\/www.sommersberger.com\/geschichte-sommersberger\/"},"modified":"2023-01-26T11:29:31","modified_gmt":"2023-01-26T11:29:31","slug":"storia-del-maso","status":"publish","type":"page","link":"https:\/\/www.sommersberger.com\/it\/storia-del-maso\/","title":{"rendered":"Storia del maso"},"content":{"rendered":"\t\t<div data-elementor-type=\"wp-page\" data-elementor-id=\"3331\" class=\"elementor elementor-3331 elementor-973\">\n\t\t\t\t\t\t\t\t\t<section class=\"elementor-section elementor-top-section elementor-element elementor-element-3493f83 elementor-section-boxed elementor-section-height-default elementor-section-height-default\" data-id=\"3493f83\" data-element_type=\"section\">\n\t\t\t\t\t\t<div class=\"elementor-container elementor-column-gap-default\">\n\t\t\t\t\t<div class=\"elementor-column elementor-col-100 elementor-top-column elementor-element elementor-element-c9ff449\" data-id=\"c9ff449\" data-element_type=\"column\">\n\t\t\t<div class=\"elementor-widget-wrap elementor-element-populated\">\n\t\t\t\t\t\t\t\t\t<\/div>\n\t\t<\/div>\n\t\t\t\t\t\t\t<\/div>\n\t\t<\/section>\n\t\t\t\t<section class=\"elementor-section elementor-top-section elementor-element elementor-element-120fa19 elementor-section-height-min-height elementor-section-items-top elementor-section-boxed elementor-section-height-default\" data-id=\"120fa19\" data-element_type=\"section\" data-settings=\"{&quot;background_background&quot;:&quot;classic&quot;}\">\n\t\t\t\t\t\t\t<div class=\"elementor-background-overlay\"><\/div>\n\t\t\t\t\t\t\t<div class=\"elementor-container elementor-column-gap-default\">\n\t\t\t\t\t<div class=\"elementor-column elementor-col-100 elementor-top-column elementor-element elementor-element-9d171cf\" data-id=\"9d171cf\" data-element_type=\"column\">\n\t\t\t<div class=\"elementor-widget-wrap elementor-element-populated\">\n\t\t\t\t\t\t\t\t<div class=\"elementor-element elementor-element-5361448 elementor-widget elementor-widget-heading\" data-id=\"5361448\" data-element_type=\"widget\" data-widget_type=\"heading.default\">\n\t\t\t\t<div class=\"elementor-widget-container\">\n\t\t\t<h1 class=\"elementor-heading-title elementor-size-default\">Sommersbergerhof<\/h1>\t\t<\/div>\n\t\t\t\t<\/div>\n\t\t\t\t<div class=\"elementor-element elementor-element-b9dd7ee elementor-widget elementor-widget-heading\" data-id=\"b9dd7ee\" data-element_type=\"widget\" data-widget_type=\"heading.default\">\n\t\t\t\t<div class=\"elementor-widget-container\">\n\t\t\t<h2 class=\"elementor-heading-title elementor-size-default\">una vacanza tra presente e passato<\/h2>\t\t<\/div>\n\t\t\t\t<\/div>\n\t\t\t\t<div class=\"elementor-element elementor-element-a958b31 elementor-widget elementor-widget-text-editor\" data-id=\"a958b31\" data-element_type=\"widget\" data-widget_type=\"text-editor.default\">\n\t\t\t\t<div class=\"elementor-widget-container\">\n\t\t\t\t\t\t\t<p>L\u2019agriturismo Sommersberger sorge ad Albes, una piccola localit\u00e0 a sud di Bressanone. Lo trovate lungo il sentiero per Tiso, che si snoda lungo il confine meridionale del paese. Fu acquistato dai miei nonni, Alois Brunner e Kreszenz Harrasser, nel 1935. Nel 1969 fu ereditato dal figlio maggiore, mio zio Seppl, che lo circond\u00f2 di meleti. Il suo desiderio era che io, sua nipote, un giorno prendessi le redini del maso. E cos\u00ec \u00e8 stato: nel 2017 Seppl ci ha lasciati e da allora sono io a gestire il Sommersberger insieme alla mia famiglia.<\/p>\t\t\t\t\t\t<\/div>\n\t\t\t\t<\/div>\n\t\t\t\t\t<\/div>\n\t\t<\/div>\n\t\t\t\t\t\t\t<\/div>\n\t\t<\/section>\n\t\t\t\t<section class=\"elementor-section elementor-top-section elementor-element elementor-element-7ddd704 elementor-section-boxed elementor-section-height-default elementor-section-height-default\" data-id=\"7ddd704\" data-element_type=\"section\">\n\t\t\t\t\t\t<div class=\"elementor-container elementor-column-gap-default\">\n\t\t\t\t\t\t\t\t<\/div>\n\t\t<\/section>\n\t\t\t\t<section class=\"elementor-section elementor-top-section elementor-element elementor-element-6e94eef elementor-section-height-min-height elementor-section-full_width elementor-section-height-default elementor-section-items-middle\" data-id=\"6e94eef\" data-element_type=\"section\" data-settings=\"{&quot;background_background&quot;:&quot;classic&quot;}\">\n\t\t\t\t\t\t<div class=\"elementor-container elementor-column-gap-default\">\n\t\t\t\t\t<div class=\"elementor-column elementor-col-100 elementor-top-column elementor-element elementor-element-80a4675\" data-id=\"80a4675\" data-element_type=\"column\">\n\t\t\t<div class=\"elementor-widget-wrap\">\n\t\t\t\t\t\t\t\t\t<\/div>\n\t\t<\/div>\n\t\t\t\t\t\t\t<\/div>\n\t\t<\/section>\n\t\t\t\t<section class=\"elementor-section elementor-top-section elementor-element elementor-element-e06437f elementor-section-height-full elementor-section-boxed elementor-section-height-default elementor-section-items-middle\" data-id=\"e06437f\" data-element_type=\"section\" data-settings=\"{&quot;background_background&quot;:&quot;classic&quot;}\">\n\t\t\t\t\t\t<div class=\"elementor-container elementor-column-gap-custom\">\n\t\t\t\t\t<div class=\"elementor-column elementor-col-50 elementor-top-column elementor-element elementor-element-4009a40\" data-id=\"4009a40\" data-element_type=\"column\">\n\t\t\t<div class=\"elementor-widget-wrap elementor-element-populated\">\n\t\t\t\t\t\t\t\t<div class=\"elementor-element elementor-element-d155582 elementor-widget elementor-widget-heading\" data-id=\"d155582\" data-element_type=\"widget\" data-widget_type=\"heading.default\">\n\t\t\t\t<div class=\"elementor-widget-container\">\n\t\t\t<h3 class=\"elementor-heading-title elementor-size-default\">I padroni di casa<\/h3>\t\t<\/div>\n\t\t\t\t<\/div>\n\t\t\t\t<div class=\"elementor-element elementor-element-70b90f4 elementor-widget elementor-widget-heading\" data-id=\"70b90f4\" data-element_type=\"widget\" data-widget_type=\"heading.default\">\n\t\t\t\t<div class=\"elementor-widget-container\">\n\t\t\t<h4 class=\"elementor-heading-title elementor-size-default\">del vostro agriturismo ad Albes<\/h4>\t\t<\/div>\n\t\t\t\t<\/div>\n\t\t\t\t<div class=\"elementor-element elementor-element-6365126 elementor-hidden-tablet elementor-hidden-phone elementor-widget elementor-widget-spacer\" data-id=\"6365126\" data-element_type=\"widget\" data-widget_type=\"spacer.default\">\n\t\t\t\t<div class=\"elementor-widget-container\">\n\t\t\t\t\t<div class=\"elementor-spacer\">\n\t\t\t<div class=\"elementor-spacer-inner\"><\/div>\n\t\t<\/div>\n\t\t\t\t<\/div>\n\t\t\t\t<\/div>\n\t\t\t\t<div class=\"elementor-element elementor-element-5786bc2 elementor-widget elementor-widget-text-editor\" data-id=\"5786bc2\" data-element_type=\"widget\" data-widget_type=\"text-editor.default\">\n\t\t\t\t<div class=\"elementor-widget-container\">\n\t\t\t\t\t\t\t<p>La mia famiglia \u00e8 la cosa pi\u00f9 bella della mia vita! Mio marito Anton si occupa dei frutteti, mentre i nostri figli Dominik, Tobias e Miriam di renderci orgogliosi.&nbsp;<\/p>\t\t\t\t\t\t<\/div>\n\t\t\t\t<\/div>\n\t\t\t\t\t<\/div>\n\t\t<\/div>\n\t\t\t\t<div class=\"theplus-equal-height elementor-column elementor-col-50 elementor-top-column elementor-element elementor-element-64a1246\" data-tp-equal-height-loadded=\".elementor-widget-container\" data-id=\"64a1246\" data-element_type=\"column\">\n\t\t\t<div class=\"elementor-widget-wrap elementor-element-populated\">\n\t\t\t\t\t\t\t\t<div class=\"elementor-element elementor-element-27b6b56 elementor-widget elementor-widget-image\" data-id=\"27b6b56\" data-element_type=\"widget\" data-widget_type=\"image.default\">\n\t\t\t\t<div class=\"elementor-widget-container\">\n\t\t\t\t\t\t\t\t\t\t\t\t\t\t\t<img width=\"800\" height=\"597\" src=\"https:\/\/www.sommersberger.com\/wp-content\/uploads\/2021\/04\/sommersberger-familie.jpg\" class=\"attachment-large size-large\" alt=\"Meine Geschichte zum Sommersbergerhof\" loading=\"lazy\" \/>\t\t\t\t\t\t\t\t\t\t\t\t\t\t\t<\/div>\n\t\t\t\t<\/div>\n\t\t\t\t\t<\/div>\n\t\t<\/div>\n\t\t\t\t\t\t\t<\/div>\n\t\t<\/section>\n\t\t\t\t\t\t\t<\/div>\n\t\t","protected":false},"excerpt":{"rendered":"<p>Sommersbergerhof una vacanza tra presente e passato L\u2019agriturismo Sommersberger sorge ad Albes, una piccola localit\u00e0 a sud di Bressanone. Lo trovate lungo il sentiero per Tiso, che si snoda lungo il confine meridionale del paese. Fu acquistato dai miei nonni, Alois Brunner e Kreszenz Harrasser, nel 1935. Nel 1969 fu ereditato dal figlio maggiore, mio [&hellip;]<\/p>\n","protected":false},"author":1,"featured_media":0,"parent":0,"menu_order":0,"comment_status":"closed","ping_status":"closed","template":"","meta":[],"yoast_head":"<!-- This site is optimized with the Yoast SEO plugin v19.6.1 - https:\/\/yoast.com\/wordpress\/plugins\/seo\/ -->\n<title>Agriturismo Sommersberger, Albes \u2013 la nostra famiglia<\/title>\n<meta name=\"description\" content=\"Gerlinde e la sua famiglia vi danno il benvenuto al maso Sommersberger. Saremo orgogliosi di raccontarvi, se vorrete, la storia del maso e di chi lo gestisce da tanti anni. Venite a trascorrere le vacanze da noi in Valle Isarco\u2026 vi aspettiamo!\" \/>\n<meta name=\"robots\" content=\"index, follow, max-snippet:-1, max-image-preview:large, max-video-preview:-1\" \/>\n<link rel=\"canonical\" href=\"https:\/\/www.sommersberger.com\/it\/storia-del-maso\/\" \/>\n<meta property=\"og:locale\" content=\"it_IT\" \/>\n<meta property=\"og:type\" content=\"article\" \/>\n<meta property=\"og:title\" content=\"Agriturismo Sommersberger, Albes \u2013 la nostra famiglia\" \/>\n<meta property=\"og:description\" content=\"Gerlinde e la sua famiglia vi danno il benvenuto al maso Sommersberger. Saremo orgogliosi di raccontarvi, se vorrete, la storia del maso e di chi lo gestisce da tanti anni. Venite a trascorrere le vacanze da noi in Valle Isarco\u2026 vi aspettiamo!\" \/>\n<meta property=\"og:url\" content=\"https:\/\/www.sommersberger.com\/it\/storia-del-maso\/\" \/>\n<meta property=\"og:site_name\" content=\"Sommersberger\" \/>\n<meta property=\"article:modified_time\" content=\"2023-01-26T11:29:31+00:00\" \/>\n<meta property=\"og:image\" content=\"https:\/\/www.sommersberger.com\/wp-content\/uploads\/2021\/04\/sommersberger-familie.jpg\" \/>\n<meta name=\"twitter:card\" content=\"summary_large_image\" \/>\n<meta name=\"twitter:label1\" content=\"Tempo di lettura stimato\" \/>\n\t<meta name=\"twitter:data1\" content=\"1 minuto\" \/>\n<script type=\"application\/ld+json\" class=\"yoast-schema-graph\">{\"@context\":\"https:\/\/schema.org\",\"@graph\":[{\"@type\":\"WebPage\",\"@id\":\"https:\/\/www.sommersberger.com\/it\/storia-del-maso\/\",\"url\":\"https:\/\/www.sommersberger.com\/it\/storia-del-maso\/\",\"name\":\"Agriturismo Sommersberger, Albes \u2013 la nostra famiglia\",\"isPartOf\":{\"@id\":\"https:\/\/www.sommersberger.com\/#website\"},\"datePublished\":\"2021-04-21T07:07:46+00:00\",\"dateModified\":\"2023-01-26T11:29:31+00:00\",\"description\":\"Gerlinde e la sua famiglia vi danno il benvenuto al maso Sommersberger. Saremo orgogliosi di raccontarvi, se vorrete, la storia del maso e di chi lo gestisce da tanti anni. Venite a trascorrere le vacanze da noi in Valle Isarco\u2026 vi aspettiamo!\",\"breadcrumb\":{\"@id\":\"https:\/\/www.sommersberger.com\/it\/storia-del-maso\/#breadcrumb\"},\"inLanguage\":\"it-IT\",\"potentialAction\":[{\"@type\":\"ReadAction\",\"target\":[\"https:\/\/www.sommersberger.com\/it\/storia-del-maso\/\"]}]},{\"@type\":\"BreadcrumbList\",\"@id\":\"https:\/\/www.sommersberger.com\/it\/storia-del-maso\/#breadcrumb\",\"itemListElement\":[{\"@type\":\"ListItem\",\"position\":1,\"name\":\"Home\",\"item\":\"https:\/\/www.sommersberger.com\/it\/\"},{\"@type\":\"ListItem\",\"position\":2,\"name\":\"Storia del maso\"}]},{\"@type\":\"WebSite\",\"@id\":\"https:\/\/www.sommersberger.com\/#website\",\"url\":\"https:\/\/www.sommersberger.com\/\",\"name\":\"Sommersberger\",\"description\":\"Urlaub auf dem Bauernhof in Brixen\",\"publisher\":{\"@id\":\"https:\/\/www.sommersberger.com\/#organization\"},\"potentialAction\":[{\"@type\":\"SearchAction\",\"target\":{\"@type\":\"EntryPoint\",\"urlTemplate\":\"https:\/\/www.sommersberger.com\/?s={search_term_string}\"},\"query-input\":\"required name=search_term_string\"}],\"inLanguage\":\"it-IT\"},{\"@type\":\"Organization\",\"@id\":\"https:\/\/www.sommersberger.com\/#organization\",\"name\":\"Sommersberger\",\"url\":\"https:\/\/www.sommersberger.com\/\",\"sameAs\":[],\"logo\":{\"@type\":\"ImageObject\",\"inLanguage\":\"it-IT\",\"@id\":\"https:\/\/www.sommersberger.com\/#\/schema\/logo\/image\/\",\"url\":\"https:\/\/www.sommersberger.com\/wp-content\/uploads\/2021\/04\/logo-sommersberger.svg\",\"contentUrl\":\"https:\/\/www.sommersberger.com\/wp-content\/uploads\/2021\/04\/logo-sommersberger.svg\",\"caption\":\"Sommersberger\"},\"image\":{\"@id\":\"https:\/\/www.sommersberger.com\/#\/schema\/logo\/image\/\"}}]}<\/script>\n<!-- \/ Yoast SEO plugin. -->","yoast_head_json":{"title":"Agriturismo Sommersberger, Albes \u2013 la nostra famiglia","description":"Gerlinde e la sua famiglia vi danno il benvenuto al maso Sommersberger. Saremo orgogliosi di raccontarvi, se vorrete, la storia del maso e di chi lo gestisce da tanti anni. Venite a trascorrere le vacanze da noi in Valle Isarco\u2026 vi aspettiamo!","robots":{"index":"index","follow":"follow","max-snippet":"max-snippet:-1","max-image-preview":"max-image-preview:large","max-video-preview":"max-video-preview:-1"},"canonical":"https:\/\/www.sommersberger.com\/it\/storia-del-maso\/","og_locale":"it_IT","og_type":"article","og_title":"Agriturismo Sommersberger, Albes \u2013 la nostra famiglia","og_description":"Gerlinde e la sua famiglia vi danno il benvenuto al maso Sommersberger. Saremo orgogliosi di raccontarvi, se vorrete, la storia del maso e di chi lo gestisce da tanti anni. Venite a trascorrere le vacanze da noi in Valle Isarco\u2026 vi aspettiamo!","og_url":"https:\/\/www.sommersberger.com\/it\/storia-del-maso\/","og_site_name":"Sommersberger","article_modified_time":"2023-01-26T11:29:31+00:00","og_image":[{"url":"https:\/\/www.sommersberger.com\/wp-content\/uploads\/2021\/04\/sommersberger-familie.jpg"}],"twitter_card":"summary_large_image","twitter_misc":{"Tempo di lettura stimato":"1 minuto"},"schema":{"@context":"https:\/\/schema.org","@graph":[{"@type":"WebPage","@id":"https:\/\/www.sommersberger.com\/it\/storia-del-maso\/","url":"https:\/\/www.sommersberger.com\/it\/storia-del-maso\/","name":"Agriturismo Sommersberger, Albes \u2013 la nostra famiglia","isPartOf":{"@id":"https:\/\/www.sommersberger.com\/#website"},"datePublished":"2021-04-21T07:07:46+00:00","dateModified":"2023-01-26T11:29:31+00:00","description":"Gerlinde e la sua famiglia vi danno il benvenuto al maso Sommersberger. Saremo orgogliosi di raccontarvi, se vorrete, la storia del maso e di chi lo gestisce da tanti anni. Venite a trascorrere le vacanze da noi in Valle Isarco\u2026 vi aspettiamo!","breadcrumb":{"@id":"https:\/\/www.sommersberger.com\/it\/storia-del-maso\/#breadcrumb"},"inLanguage":"it-IT","potentialAction":[{"@type":"ReadAction","target":["https:\/\/www.sommersberger.com\/it\/storia-del-maso\/"]}]},{"@type":"BreadcrumbList","@id":"https:\/\/www.sommersberger.com\/it\/storia-del-maso\/#breadcrumb","itemListElement":[{"@type":"ListItem","position":1,"name":"Home","item":"https:\/\/www.sommersberger.com\/it\/"},{"@type":"ListItem","position":2,"name":"Storia del maso"}]},{"@type":"WebSite","@id":"https:\/\/www.sommersberger.com\/#website","url":"https:\/\/www.sommersberger.com\/","name":"Sommersberger","description":"Urlaub auf dem Bauernhof in Brixen","publisher":{"@id":"https:\/\/www.sommersberger.com\/#organization"},"potentialAction":[{"@type":"SearchAction","target":{"@type":"EntryPoint","urlTemplate":"https:\/\/www.sommersberger.com\/?s={search_term_string}"},"query-input":"required name=search_term_string"}],"inLanguage":"it-IT"},{"@type":"Organization","@id":"https:\/\/www.sommersberger.com\/#organization","name":"Sommersberger","url":"https:\/\/www.sommersberger.com\/","sameAs":[],"logo":{"@type":"ImageObject","inLanguage":"it-IT","@id":"https:\/\/www.sommersberger.com\/#\/schema\/logo\/image\/","url":"https:\/\/www.sommersberger.com\/wp-content\/uploads\/2021\/04\/logo-sommersberger.svg","contentUrl":"https:\/\/www.sommersberger.com\/wp-content\/uploads\/2021\/04\/logo-sommersberger.svg","caption":"Sommersberger"},"image":{"@id":"https:\/\/www.sommersberger.com\/#\/schema\/logo\/image\/"}}]}},"_links":{"self":[{"href":"https:\/\/www.sommersberger.com\/it\/wp-json\/wp\/v2\/pages\/3331"}],"collection":[{"href":"https:\/\/www.sommersberger.com\/it\/wp-json\/wp\/v2\/pages"}],"about":[{"href":"https:\/\/www.sommersberger.com\/it\/wp-json\/wp\/v2\/types\/page"}],"author":[{"embeddable":true,"href":"https:\/\/www.sommersberger.com\/it\/wp-json\/wp\/v2\/users\/1"}],"replies":[{"embeddable":true,"href":"https:\/\/www.sommersberger.com\/it\/wp-json\/wp\/v2\/comments?post=3331"}],"version-history":[{"count":31,"href":"https:\/\/www.sommersberger.com\/it\/wp-json\/wp\/v2\/pages\/3331\/revisions"}],"predecessor-version":[{"id":4643,"href":"https:\/\/www.sommersberger.com\/it\/wp-json\/wp\/v2\/pages\/3331\/revisions\/4643"}],"wp:attachment":[{"href":"https:\/\/www.sommersberger.com\/it\/wp-json\/wp\/v2\/media?parent=3331"}],"curies":[{"name":"wp","href":"https:\/\/api.w.org\/{rel}","templated":true}]}}