{"id":3595,"date":"2021-04-22T09:35:46","date_gmt":"2021-04-22T09:35:46","guid":{"rendered":"https:\/\/www.sommersberger.com\/im-tal\/"},"modified":"2021-05-31T07:32:55","modified_gmt":"2021-05-31T07:32:55","slug":"in-valle","status":"publish","type":"page","link":"https:\/\/www.sommersberger.com\/it\/in-valle\/","title":{"rendered":"In valle"},"content":{"rendered":"\t\t<div data-elementor-type=\"wp-page\" data-elementor-id=\"3595\" class=\"elementor elementor-3595 elementor-1433\">\n\t\t\t\t\t\t\t\t\t<section class=\"elementor-section elementor-top-section elementor-element elementor-element-31a04cd6 elementor-section-height-min-height elementor-section-boxed elementor-section-height-default elementor-section-items-middle\" data-id=\"31a04cd6\" data-element_type=\"section\">\n\t\t\t\t\t\t<div class=\"elementor-container elementor-column-gap-default\">\n\t\t\t\t\t<div class=\"elementor-column elementor-col-100 elementor-top-column elementor-element elementor-element-77eaa7e0\" data-id=\"77eaa7e0\" data-element_type=\"column\">\n\t\t\t<div class=\"elementor-widget-wrap elementor-element-populated\">\n\t\t\t\t\t\t\t\t\t<\/div>\n\t\t<\/div>\n\t\t\t\t\t\t\t<\/div>\n\t\t<\/section>\n\t\t\t\t<section class=\"elementor-section elementor-top-section elementor-element elementor-element-120fa19 elementor-section-height-min-height elementor-section-items-top elementor-section-boxed elementor-section-height-default\" data-id=\"120fa19\" data-element_type=\"section\" data-settings=\"{&quot;background_background&quot;:&quot;classic&quot;}\">\n\t\t\t\t\t\t\t<div class=\"elementor-background-overlay\"><\/div>\n\t\t\t\t\t\t\t<div class=\"elementor-container elementor-column-gap-default\">\n\t\t\t\t\t<div class=\"elementor-column elementor-col-100 elementor-top-column elementor-element elementor-element-9d171cf\" data-id=\"9d171cf\" data-element_type=\"column\">\n\t\t\t<div class=\"elementor-widget-wrap elementor-element-populated\">\n\t\t\t\t\t\t\t\t<div class=\"elementor-element elementor-element-5361448 elementor-widget elementor-widget-heading\" data-id=\"5361448\" data-element_type=\"widget\" data-widget_type=\"heading.default\">\n\t\t\t\t<div class=\"elementor-widget-container\">\n\t\t\t<h1 class=\"elementor-heading-title elementor-size-default\">In valle<\/h1>\t\t<\/div>\n\t\t\t\t<\/div>\n\t\t\t\t<div class=\"elementor-element elementor-element-b9dd7ee elementor-widget elementor-widget-heading\" data-id=\"b9dd7ee\" data-element_type=\"widget\" data-widget_type=\"heading.default\">\n\t\t\t\t<div class=\"elementor-widget-container\">\n\t\t\t<h2 class=\"elementor-heading-title elementor-size-default\">Bressanone, la citt\u00e0 vescovile della Valle Isarco<\/h2>\t\t<\/div>\n\t\t\t\t<\/div>\n\t\t\t\t<div class=\"elementor-element elementor-element-a958b31 elementor-widget elementor-widget-text-editor\" data-id=\"a958b31\" data-element_type=\"widget\" data-widget_type=\"text-editor.default\">\n\t\t\t\t<div class=\"elementor-widget-container\">\n\t\t\t\t\t\t\t<p>\u201cIl doppio piacere\u201d: quello della citt\u00e0 di <strong>Bressanone<\/strong> non \u00e8 solo un motto, ma una promessa mantenuta! In Valle Isarco vi attende infatti il pi\u00f9 squisito mix di natura e cultura, con il paradiso della Plose e <strong>infiniti sentieri<\/strong>, passeggiate e spazi verdi che fanno da contraltare a teatri, concerti, musei, chiese e altro ancora.<\/p>\t\t\t\t\t\t<\/div>\n\t\t\t\t<\/div>\n\t\t\t\t\t<\/div>\n\t\t<\/div>\n\t\t\t\t\t\t\t<\/div>\n\t\t<\/section>\n\t\t\t\t<section class=\"elementor-section elementor-top-section elementor-element elementor-element-c4eaffe elementor-section-full_width elementor-section-height-default elementor-section-height-default\" data-id=\"c4eaffe\" data-element_type=\"section\" data-settings=\"{&quot;background_background&quot;:&quot;classic&quot;}\">\n\t\t\t\t\t\t\t<div class=\"elementor-background-overlay\"><\/div>\n\t\t\t\t\t\t\t<div class=\"elementor-container elementor-column-gap-default\">\n\t\t\t\t\t<div class=\"elementor-column elementor-col-100 elementor-top-column elementor-element elementor-element-1600264\" data-id=\"1600264\" data-element_type=\"column\">\n\t\t\t<div class=\"elementor-widget-wrap elementor-element-populated\">\n\t\t\t\t\t\t\t\t<section class=\"elementor-section elementor-inner-section elementor-element elementor-element-3d62f8c elementor-section-boxed elementor-section-height-default elementor-section-height-default\" data-id=\"3d62f8c\" data-element_type=\"section\">\n\t\t\t\t\t\t<div class=\"elementor-container elementor-column-gap-default\">\n\t\t\t\t\t<div class=\"elementor-column elementor-col-50 elementor-inner-column elementor-element elementor-element-94321e8 elementor-invisible\" data-id=\"94321e8\" data-element_type=\"column\" data-settings=\"{&quot;background_background&quot;:&quot;classic&quot;,&quot;animation&quot;:&quot;fadeInLeft&quot;}\">\n\t\t\t<div class=\"elementor-widget-wrap elementor-element-populated\">\n\t\t\t\t\t\t\t\t<div class=\"elementor-element elementor-element-8f671c7 elementor-widget elementor-widget-heading\" data-id=\"8f671c7\" data-element_type=\"widget\" data-widget_type=\"heading.default\">\n\t\t\t\t<div class=\"elementor-widget-container\">\n\t\t\t<h2 class=\"elementor-heading-title elementor-size-default\">Bressanone<\/h2>\t\t<\/div>\n\t\t\t\t<\/div>\n\t\t\t\t<div class=\"elementor-element elementor-element-d444a37 elementor-widget elementor-widget-text-editor\" data-id=\"d444a37\" data-element_type=\"widget\" data-widget_type=\"text-editor.default\">\n\t\t\t\t<div class=\"elementor-widget-container\">\n\t\t\t\t\t\t\t<p>Opere teatrali e spettacoli di luci nei luoghi storici della citt\u00e0, affreschi nel Duomo e sui muri della Citt\u00e0 Vecchia, arte moderna nella Galleria Civica\u2026 e questo \u00e8 solo l\u2019inizio! Il Duomo con i suoi campanili gemelli \u00e8 un must, ma anche la residenza vescovile Hofburg merita una visita. Altre attrazioni da non perdere? Sicuramente la Torre Bianca, uno dei simboli della citt\u00e0 di Bressanone, la Galleria Civica con le sue esposizioni di arte moderna, il chiostro e il Giardino dei Signori non vi deluderanno.<\/p>\t\t\t\t\t\t<\/div>\n\t\t\t\t<\/div>\n\t\t\t\t\t<\/div>\n\t\t<\/div>\n\t\t\t\t<div class=\"elementor-column elementor-col-50 elementor-inner-column elementor-element elementor-element-f43f966 elementor-invisible\" data-id=\"f43f966\" data-element_type=\"column\" data-settings=\"{&quot;background_background&quot;:&quot;classic&quot;,&quot;animation&quot;:&quot;fadeInRight&quot;}\">\n\t\t\t<div class=\"elementor-widget-wrap elementor-element-populated\">\n\t\t\t\t\t\t\t\t<div class=\"elementor-element elementor-element-cc97ca4 elementor-widget elementor-widget-text-editor\" data-id=\"cc97ca4\" data-element_type=\"widget\" data-widget_type=\"text-editor.default\">\n\t\t\t\t<div class=\"elementor-widget-container\">\n\t\t\t\t\t\t\t\t\t\t\t\t\t<\/div>\n\t\t\t\t<\/div>\n\t\t\t\t\t<\/div>\n\t\t<\/div>\n\t\t\t\t\t\t\t<\/div>\n\t\t<\/section>\n\t\t\t\t<section class=\"elementor-section elementor-inner-section elementor-element elementor-element-fa05be9 elementor-section-boxed elementor-section-height-default elementor-section-height-default\" data-id=\"fa05be9\" data-element_type=\"section\">\n\t\t\t\t\t\t<div class=\"elementor-container elementor-column-gap-default\">\n\t\t\t\t\t<div class=\"elementor-column elementor-col-50 elementor-inner-column elementor-element elementor-element-63d3d31 elementor-invisible\" data-id=\"63d3d31\" data-element_type=\"column\" data-settings=\"{&quot;background_background&quot;:&quot;classic&quot;,&quot;animation&quot;:&quot;fadeInLeft&quot;}\">\n\t\t\t<div class=\"elementor-widget-wrap elementor-element-populated\">\n\t\t\t\t\t\t\t\t<div class=\"elementor-element elementor-element-49bf93f elementor-widget elementor-widget-text-editor\" data-id=\"49bf93f\" data-element_type=\"widget\" data-widget_type=\"text-editor.default\">\n\t\t\t\t<div class=\"elementor-widget-container\">\n\t\t\t\t\t\t\t\t\t\t\t\t\t<\/div>\n\t\t\t\t<\/div>\n\t\t\t\t\t<\/div>\n\t\t<\/div>\n\t\t\t\t<div class=\"elementor-column elementor-col-50 elementor-inner-column elementor-element elementor-element-ae3ffad elementor-invisible\" data-id=\"ae3ffad\" data-element_type=\"column\" data-settings=\"{&quot;background_background&quot;:&quot;classic&quot;,&quot;animation&quot;:&quot;fadeInRight&quot;}\">\n\t\t\t<div class=\"elementor-widget-wrap elementor-element-populated\">\n\t\t\t\t\t\t\t\t<div class=\"elementor-element elementor-element-3cf318f elementor-widget elementor-widget-heading\" data-id=\"3cf318f\" data-element_type=\"widget\" data-widget_type=\"heading.default\">\n\t\t\t\t<div class=\"elementor-widget-container\">\n\t\t\t<h2 class=\"elementor-heading-title elementor-size-default\">Acquarena<\/h2>\t\t<\/div>\n\t\t\t\t<\/div>\n\t\t\t\t<div class=\"elementor-element elementor-element-410cc27 elementor-widget elementor-widget-text-editor\" data-id=\"410cc27\" data-element_type=\"widget\" data-widget_type=\"text-editor.default\">\n\t\t\t\t<div class=\"elementor-widget-container\">\n\t\t\t\t\t\t\t<p>Il wellness per chi non si accontenta. Un luogo dove dedicare del tempo a s\u00e9 stessi, nella splendida area saune o nelle moderne piscine interne ed esterne, sudando in palestra o lasciandosi massaggiare da mani esperte nella spa.<\/p>\t\t\t\t\t\t<\/div>\n\t\t\t\t<\/div>\n\t\t\t\t\t<\/div>\n\t\t<\/div>\n\t\t\t\t\t\t\t<\/div>\n\t\t<\/section>\n\t\t\t\t<section class=\"elementor-section elementor-inner-section elementor-element elementor-element-ac6f9c1 elementor-section-boxed elementor-section-height-default elementor-section-height-default\" data-id=\"ac6f9c1\" data-element_type=\"section\">\n\t\t\t\t\t\t<div class=\"elementor-container elementor-column-gap-default\">\n\t\t\t\t\t<div class=\"elementor-column elementor-col-50 elementor-inner-column elementor-element elementor-element-ca20628 elementor-invisible\" data-id=\"ca20628\" data-element_type=\"column\" data-settings=\"{&quot;background_background&quot;:&quot;classic&quot;,&quot;animation&quot;:&quot;fadeInLeft&quot;}\">\n\t\t\t<div class=\"elementor-widget-wrap elementor-element-populated\">\n\t\t\t\t\t\t\t\t<div class=\"elementor-element elementor-element-3761b58 elementor-widget elementor-widget-heading\" data-id=\"3761b58\" data-element_type=\"widget\" data-widget_type=\"heading.default\">\n\t\t\t\t<div class=\"elementor-widget-container\">\n\t\t\t<h2 class=\"elementor-heading-title elementor-size-default\">Mercatino di Natale<\/h2>\t\t<\/div>\n\t\t\t\t<\/div>\n\t\t\t\t<div class=\"elementor-element elementor-element-a982c70 elementor-widget elementor-widget-text-editor\" data-id=\"a982c70\" data-element_type=\"widget\" data-widget_type=\"text-editor.default\">\n\t\t\t\t<div class=\"elementor-widget-container\">\n\t\t\t\t\t\t\t<p>Un\u2019atmosfera magica e inconfondibile fatta di vin brul\u00e9 e luci, voci allegre e profumi invitanti. Un sacchetto di caldarroste e voil\u00e0\u2026 si torna subito bambini! Anche i mercatini di Natale di Bolzano, Chiusa e Brunico sono facilmente raggiungibili dal Sommersberger.<\/p>\t\t\t\t\t\t<\/div>\n\t\t\t\t<\/div>\n\t\t\t\t\t<\/div>\n\t\t<\/div>\n\t\t\t\t<div class=\"elementor-column elementor-col-50 elementor-inner-column elementor-element elementor-element-e76ebf2 elementor-invisible\" data-id=\"e76ebf2\" data-element_type=\"column\" data-settings=\"{&quot;background_background&quot;:&quot;classic&quot;,&quot;animation&quot;:&quot;fadeInRight&quot;}\">\n\t\t\t<div class=\"elementor-widget-wrap elementor-element-populated\">\n\t\t\t\t\t\t\t\t<div class=\"elementor-element elementor-element-38898d6 elementor-widget elementor-widget-text-editor\" data-id=\"38898d6\" data-element_type=\"widget\" data-widget_type=\"text-editor.default\">\n\t\t\t\t<div class=\"elementor-widget-container\">\n\t\t\t\t\t\t\t\t\t\t\t\t\t<\/div>\n\t\t\t\t<\/div>\n\t\t\t\t\t<\/div>\n\t\t<\/div>\n\t\t\t\t\t\t\t<\/div>\n\t\t<\/section>\n\t\t\t\t<section class=\"elementor-section elementor-inner-section elementor-element elementor-element-b0475f3 elementor-section-boxed elementor-section-height-default elementor-section-height-default\" data-id=\"b0475f3\" data-element_type=\"section\">\n\t\t\t\t\t\t<div class=\"elementor-container elementor-column-gap-default\">\n\t\t\t\t\t<div class=\"elementor-column elementor-col-50 elementor-inner-column elementor-element elementor-element-efdce10 elementor-invisible\" data-id=\"efdce10\" data-element_type=\"column\" data-settings=\"{&quot;background_background&quot;:&quot;classic&quot;,&quot;animation&quot;:&quot;fadeInLeft&quot;}\">\n\t\t\t<div class=\"elementor-widget-wrap elementor-element-populated\">\n\t\t\t\t\t\t\t\t<div class=\"elementor-element elementor-element-678a542 elementor-widget elementor-widget-text-editor\" data-id=\"678a542\" data-element_type=\"widget\" data-widget_type=\"text-editor.default\">\n\t\t\t\t<div class=\"elementor-widget-container\">\n\t\t\t\t\t\t\t\t\t\t\t\t\t<\/div>\n\t\t\t\t<\/div>\n\t\t\t\t\t<\/div>\n\t\t<\/div>\n\t\t\t\t<div class=\"elementor-column elementor-col-50 elementor-inner-column elementor-element elementor-element-f18623b elementor-invisible\" data-id=\"f18623b\" data-element_type=\"column\" data-settings=\"{&quot;background_background&quot;:&quot;classic&quot;,&quot;animation&quot;:&quot;fadeInRight&quot;}\">\n\t\t\t<div class=\"elementor-widget-wrap elementor-element-populated\">\n\t\t\t\t\t\t\t\t<div class=\"elementor-element elementor-element-561f7de elementor-widget elementor-widget-heading\" data-id=\"561f7de\" data-element_type=\"widget\" data-widget_type=\"heading.default\">\n\t\t\t\t<div class=\"elementor-widget-container\">\n\t\t\t<h2 class=\"elementor-heading-title elementor-size-default\">Mountain bike Testival<\/h2>\t\t<\/div>\n\t\t\t\t<\/div>\n\t\t\t\t<div class=\"elementor-element elementor-element-4610e52 elementor-widget elementor-widget-text-editor\" data-id=\"4610e52\" data-element_type=\"widget\" data-widget_type=\"text-editor.default\">\n\t\t\t\t<div class=\"elementor-widget-container\">\n\t\t\t\t\t\t\t<p>Ormai \u00e8 un appuntamento fisso nel calendario di eventi brissinese: il festival \u2013 anzi, Testival \u2013 tutto dedicato alla mountain bike \u00e8 una magnifica occasione per provare i nuovi modelli dei migliori produttori e partecipare a un ricco programma di contorno. Non a caso l\u2019evento attira ogni anno appassionati e curiosi da ogni parte del mondo.<\/p>\t\t\t\t\t\t<\/div>\n\t\t\t\t<\/div>\n\t\t\t\t\t<\/div>\n\t\t<\/div>\n\t\t\t\t\t\t\t<\/div>\n\t\t<\/section>\n\t\t\t\t<section class=\"elementor-section elementor-inner-section elementor-element elementor-element-cf5e904 elementor-section-boxed elementor-section-height-default elementor-section-height-default\" data-id=\"cf5e904\" data-element_type=\"section\">\n\t\t\t\t\t\t<div class=\"elementor-container elementor-column-gap-default\">\n\t\t\t\t\t<div class=\"elementor-column elementor-col-50 elementor-inner-column elementor-element elementor-element-fac122c elementor-invisible\" data-id=\"fac122c\" data-element_type=\"column\" data-settings=\"{&quot;background_background&quot;:&quot;classic&quot;,&quot;animation&quot;:&quot;fadeInUp&quot;}\">\n\t\t\t<div class=\"elementor-widget-wrap elementor-element-populated\">\n\t\t\t\t\t\t\t\t<div class=\"elementor-element elementor-element-efe0631 elementor-widget elementor-widget-heading\" data-id=\"efe0631\" data-element_type=\"widget\" data-widget_type=\"heading.default\">\n\t\t\t\t<div class=\"elementor-widget-container\">\n\t\t\t<h2 class=\"elementor-heading-title elementor-size-default\">T\u00f6rggelen (autunno)<\/h2>\t\t<\/div>\n\t\t\t\t<\/div>\n\t\t\t\t<div class=\"elementor-element elementor-element-d1b130f elementor-widget elementor-widget-text-editor\" data-id=\"d1b130f\" data-element_type=\"widget\" data-widget_type=\"text-editor.default\">\n\t\t\t\t<div class=\"elementor-widget-container\">\n\t\t\t\t\t\t\t<p>L\u2019usanza del T\u00f6rggelen ha origini antiche: si rif\u00e0 ai tempi in cui coloro che lavoravano nei campi si incontravano a fine vendemmia per assaggiare il vino nuovo e condividere del buon cibo. Oggi questa tradizione molto amata prevede una bella passeggiata in mezzo ai colori autunnali seguita da un allegro ritrovo in taverna per gustare prelibatezze tipiche come schlutzkrapfen, zuppa d\u2019orzo, carne con crauti e canederli e, naturalmente, le protagoniste della stagione: le caldarroste.<\/p>\t\t\t\t\t\t<\/div>\n\t\t\t\t<\/div>\n\t\t\t\t\t<\/div>\n\t\t<\/div>\n\t\t\t\t<div class=\"elementor-column elementor-col-50 elementor-inner-column elementor-element elementor-element-deb42ab elementor-invisible\" data-id=\"deb42ab\" data-element_type=\"column\" data-settings=\"{&quot;background_background&quot;:&quot;classic&quot;,&quot;animation&quot;:&quot;fadeInUp&quot;}\">\n\t\t\t<div class=\"elementor-widget-wrap elementor-element-populated\">\n\t\t\t\t\t\t\t\t<div class=\"elementor-element elementor-element-eba1d79 elementor-widget elementor-widget-text-editor\" data-id=\"eba1d79\" data-element_type=\"widget\" data-widget_type=\"text-editor.default\">\n\t\t\t\t<div class=\"elementor-widget-container\">\n\t\t\t\t\t\t\t\t\t\t\t\t\t<\/div>\n\t\t\t\t<\/div>\n\t\t\t\t\t<\/div>\n\t\t<\/div>\n\t\t\t\t\t\t\t<\/div>\n\t\t<\/section>\n\t\t\t\t<section class=\"elementor-section elementor-inner-section elementor-element elementor-element-393ec7f elementor-section-boxed elementor-section-height-default elementor-section-height-default\" data-id=\"393ec7f\" data-element_type=\"section\">\n\t\t\t\t\t\t<div class=\"elementor-container elementor-column-gap-default\">\n\t\t\t\t\t<div class=\"elementor-column elementor-col-50 elementor-inner-column elementor-element elementor-element-8f0b99e elementor-invisible\" data-id=\"8f0b99e\" data-element_type=\"column\" data-settings=\"{&quot;background_background&quot;:&quot;classic&quot;,&quot;animation&quot;:&quot;fadeInUp&quot;}\">\n\t\t\t<div class=\"elementor-widget-wrap elementor-element-populated\">\n\t\t\t\t\t\t\t\t<div class=\"elementor-element elementor-element-9b6fd91 elementor-widget elementor-widget-text-editor\" data-id=\"9b6fd91\" data-element_type=\"widget\" data-widget_type=\"text-editor.default\">\n\t\t\t\t<div class=\"elementor-widget-container\">\n\t\t\t\t\t\t\t\t\t\t\t\t\t<\/div>\n\t\t\t\t<\/div>\n\t\t\t\t\t<\/div>\n\t\t<\/div>\n\t\t\t\t<div class=\"elementor-column elementor-col-50 elementor-inner-column elementor-element elementor-element-2633003 elementor-invisible\" data-id=\"2633003\" data-element_type=\"column\" data-settings=\"{&quot;background_background&quot;:&quot;classic&quot;,&quot;animation&quot;:&quot;fadeInUp&quot;}\">\n\t\t\t<div class=\"elementor-widget-wrap elementor-element-populated\">\n\t\t\t\t\t\t\t\t<div class=\"elementor-element elementor-element-37e8a11 elementor-widget elementor-widget-heading\" data-id=\"37e8a11\" data-element_type=\"widget\" data-widget_type=\"heading.default\">\n\t\t\t\t<div class=\"elementor-widget-container\">\n\t\t\t<h2 class=\"elementor-heading-title elementor-size-default\">Abbazia di Novacella<\/h2>\t\t<\/div>\n\t\t\t\t<\/div>\n\t\t\t\t<div class=\"elementor-element elementor-element-2d52db9 elementor-widget elementor-widget-text-editor\" data-id=\"2d52db9\" data-element_type=\"widget\" data-widget_type=\"text-editor.default\">\n\t\t\t\t<div class=\"elementor-widget-container\">\n\t\t\t\t\t\t\t<p>Un\u2019altra attrazione che non pu\u00f2 mancare: il monastero dei canonici agostiniani a nord di Bressanone con la biblioteca, il giardino e Castel Sant\u2019Angelo. Se vi va, completate il tour con una visita alla cantina per assaggiare il vino di produzione propria.<\/p>\t\t\t\t\t\t<\/div>\n\t\t\t\t<\/div>\n\t\t\t\t\t<\/div>\n\t\t<\/div>\n\t\t\t\t\t\t\t<\/div>\n\t\t<\/section>\n\t\t\t\t<section class=\"elementor-section elementor-inner-section elementor-element elementor-element-94887f1 elementor-section-boxed elementor-section-height-default elementor-section-height-default\" data-id=\"94887f1\" data-element_type=\"section\">\n\t\t\t\t\t\t<div class=\"elementor-container elementor-column-gap-default\">\n\t\t\t\t\t<div class=\"elementor-column elementor-col-33 elementor-inner-column elementor-element elementor-element-e256311 elementor-invisible\" data-id=\"e256311\" data-element_type=\"column\" data-settings=\"{&quot;background_background&quot;:&quot;classic&quot;,&quot;animation&quot;:&quot;fadeInUp&quot;}\">\n\t\t\t<div class=\"elementor-widget-wrap elementor-element-populated\">\n\t\t\t\t\t\t\t\t<div class=\"elementor-element elementor-element-91fbbf2 elementor-widget elementor-widget-heading\" data-id=\"91fbbf2\" data-element_type=\"widget\" data-widget_type=\"heading.default\">\n\t\t\t\t<div class=\"elementor-widget-container\">\n\t\t\t<h2 class=\"elementor-heading-title elementor-size-default\">Monastero di Sabiona<\/h2>\t\t<\/div>\n\t\t\t\t<\/div>\n\t\t\t\t<div class=\"elementor-element elementor-element-059e917 elementor-widget elementor-widget-text-editor\" data-id=\"059e917\" data-element_type=\"widget\" data-widget_type=\"text-editor.default\">\n\t\t\t\t<div class=\"elementor-widget-container\">\n\t\t\t\t\t\t\t<p>Da Chiusa, a 5 minuti d\u2019auto dal Sommersberger, parte un sentiero molto apprezzato sia dai turisti che dalla gente del posto, che conduce all\u2019imponente monastero di Sabiona, arroccato su uno sperone di roccia a strapiombo sulla pittoresca citt\u00e0 degli artisti.<\/p>\t\t\t\t\t\t<\/div>\n\t\t\t\t<\/div>\n\t\t\t\t\t<\/div>\n\t\t<\/div>\n\t\t\t\t<div class=\"elementor-column elementor-col-33 elementor-inner-column elementor-element elementor-element-c7b87e8 elementor-invisible\" data-id=\"c7b87e8\" data-element_type=\"column\" data-settings=\"{&quot;background_background&quot;:&quot;classic&quot;,&quot;animation&quot;:&quot;fadeInUp&quot;}\">\n\t\t\t<div class=\"elementor-widget-wrap elementor-element-populated\">\n\t\t\t\t\t\t\t\t<div class=\"elementor-element elementor-element-a69f0a7 elementor-widget elementor-widget-heading\" data-id=\"a69f0a7\" data-element_type=\"widget\" data-widget_type=\"heading.default\">\n\t\t\t\t<div class=\"elementor-widget-container\">\n\t\t\t<h2 class=\"elementor-heading-title elementor-size-default\">Eventi<\/h2>\t\t<\/div>\n\t\t\t\t<\/div>\n\t\t\t\t<div class=\"elementor-element elementor-element-23052ce elementor-widget elementor-widget-text-editor\" data-id=\"23052ce\" data-element_type=\"widget\" data-widget_type=\"text-editor.default\">\n\t\t\t\t<div class=\"elementor-widget-container\">\n\t\t\t\t\t\t\t<p>In ottobre in Piazza Duomo si tiene il Mercato del pane e dello strudel, dove potrete assaggiare le tradizionali specialit\u00e0 da forno altoatesine, mentre in primavera non perdetevi il Water Light Festival, un suggestivo spettacolo con giochi di acqua e luci in diverse zone della citt\u00e0.<\/p>\t\t\t\t\t\t<\/div>\n\t\t\t\t<\/div>\n\t\t\t\t\t<\/div>\n\t\t<\/div>\n\t\t\t\t<div class=\"elementor-column elementor-col-33 elementor-inner-column elementor-element elementor-element-7026eef elementor-invisible\" data-id=\"7026eef\" data-element_type=\"column\" data-settings=\"{&quot;background_background&quot;:&quot;classic&quot;,&quot;animation&quot;:&quot;fadeInUp&quot;}\">\n\t\t\t<div class=\"elementor-widget-wrap elementor-element-populated\">\n\t\t\t\t\t\t\t\t<div class=\"elementor-element elementor-element-2307151 elementor-widget elementor-widget-heading\" data-id=\"2307151\" data-element_type=\"widget\" data-widget_type=\"heading.default\">\n\t\t\t\t<div class=\"elementor-widget-container\">\n\t\t\t<h2 class=\"elementor-heading-title elementor-size-default\">\u00d6tzi<\/h2>\t\t<\/div>\n\t\t\t\t<\/div>\n\t\t\t\t<div class=\"elementor-element elementor-element-344ef50 elementor-widget elementor-widget-text-editor\" data-id=\"344ef50\" data-element_type=\"widget\" data-widget_type=\"text-editor.default\">\n\t\t\t\t<div class=\"elementor-widget-container\">\n\t\t\t\t\t\t\t<p>Dal 1998 potete scoprire tutto sulla mummia dei ghiacci pi\u00f9 famosa al mondo grazie alla mostra permanente \u201cIceman\u201d presso il Museo Archeologico dell\u2019Alto Adige, a Bolzano.<\/p>\t\t\t\t\t\t<\/div>\n\t\t\t\t<\/div>\n\t\t\t\t\t<\/div>\n\t\t<\/div>\n\t\t\t\t\t\t\t<\/div>\n\t\t<\/section>\n\t\t\t\t\t<\/div>\n\t\t<\/div>\n\t\t\t\t\t\t\t<\/div>\n\t\t<\/section>\n\t\t\t\t<section class=\"elementor-section elementor-top-section elementor-element elementor-element-1970d166 elementor-section-boxed elementor-section-height-default elementor-section-height-default\" data-id=\"1970d166\" data-element_type=\"section\" data-settings=\"{&quot;background_background&quot;:&quot;classic&quot;,&quot;animation&quot;:&quot;none&quot;}\">\n\t\t\t\t\t\t<div class=\"elementor-container elementor-column-gap-default\">\n\t\t\t\t\t<div class=\"elementor-column elementor-col-100 elementor-top-column elementor-element elementor-element-31841474 elementor-invisible\" data-id=\"31841474\" data-element_type=\"column\" data-settings=\"{&quot;animation&quot;:&quot;fadeInUp&quot;}\">\n\t\t\t<div class=\"elementor-widget-wrap elementor-element-populated\">\n\t\t\t\t\t\t\t\t<div class=\"elementor-element elementor-element-4687fb20 elementor-widget elementor-widget-heading\" data-id=\"4687fb20\" data-element_type=\"widget\" data-widget_type=\"heading.default\">\n\t\t\t\t<div class=\"elementor-widget-container\">\n\t\t\t<h3 class=\"elementor-heading-title elementor-size-default\">BrixenCard<\/h3>\t\t<\/div>\n\t\t\t\t<\/div>\n\t\t\t\t<div class=\"elementor-element elementor-element-1f2f9930 elementor-widget elementor-widget-text-editor\" data-id=\"1f2f9930\" data-element_type=\"widget\" data-widget_type=\"text-editor.default\">\n\t\t\t\t<div class=\"elementor-widget-container\">\n\t\t\t\t\t\t\t<p>Una carta che vi permette di visitare tutte le attrazioni culturali e paesaggistiche della Valle Isarco risparmiando. Comprende l\u2019uso gratuito dei mezzi pubblici in tutto l\u2019Alto Adige, entrata libera nei musei, ingressi gratuiti o ridotti in piscina e tanti altri vantaggi!<\/p>\t\t\t\t\t\t<\/div>\n\t\t\t\t<\/div>\n\t\t\t\t<div class=\"elementor-element elementor-element-697e98da elementor-align-left elementor-widget elementor-widget-button\" data-id=\"697e98da\" data-element_type=\"widget\" data-widget_type=\"button.default\">\n\t\t\t\t<div class=\"elementor-widget-container\">\n\t\t\t\t\t<div class=\"elementor-button-wrapper\">\n\t\t\t<a href=\"https:\/\/www.brixen.org\/it\/accommodation-search\/brixencard-la-carta-vantaggi.html\" target=\"_blank\" class=\"elementor-button-link elementor-button elementor-size-sm\" role=\"button\">\n\t\t\t\t\t\t<span class=\"elementor-button-content-wrapper\">\n\t\t\t\t\t\t\t<span class=\"elementor-button-icon elementor-align-icon-left\">\n\t\t\t\t<svg xmlns=\"http:\/\/www.w3.org\/2000\/svg\" viewBox=\"0 0 30.67 30.67\"><defs><style>.cls-1{fill:none;stroke:#fff;stroke-linecap:round;stroke-linejoin:round;stroke-width:4px;}<\/style><\/defs><g id=\"Ebene_2\" data-name=\"Ebene 2\"><g id=\"Ebene_1-2\" data-name=\"Ebene 1\"><path class=\"cls-1\" d=\"M2,15.33H28.67\"><\/path><path class=\"cls-1\" d=\"M15.33,2,28.67,15.33,15.33,28.67\"><\/path><\/g><\/g><\/svg>\t\t\t<\/span>\n\t\t\t\t\t\t<span class=\"elementor-button-text\">Scopri di pi\u00f9<\/span>\n\t\t<\/span>\n\t\t\t\t\t<\/a>\n\t\t<\/div>\n\t\t\t\t<\/div>\n\t\t\t\t<\/div>\n\t\t\t\t\t<\/div>\n\t\t<\/div>\n\t\t\t\t\t\t\t<\/div>\n\t\t<\/section>\n\t\t\t\t\t\t\t<\/div>\n\t\t","protected":false},"excerpt":{"rendered":"<p>In valle Bressanone, la citt\u00e0 vescovile della Valle Isarco \u201cIl doppio piacere\u201d: quello della citt\u00e0 di Bressanone non \u00e8 solo un motto, ma una promessa mantenuta! In Valle Isarco vi attende infatti il pi\u00f9 squisito mix di natura e cultura, con il paradiso della Plose e infiniti sentieri, passeggiate e spazi verdi che fanno da [&hellip;]<\/p>\n","protected":false},"author":1,"featured_media":0,"parent":0,"menu_order":0,"comment_status":"closed","ping_status":"closed","template":"","meta":[],"yoast_head":"<!-- This site is optimized with the Yoast SEO plugin v19.6.1 - https:\/\/yoast.com\/wordpress\/plugins\/seo\/ -->\n<title>Bressanone e la Valle Isarco: una meta, mille sfaccettature<\/title>\n<meta name=\"description\" content=\"Il paesino di Albes, in Valle Isarco, giace immerso tra i vigneti e frutteti che si estendono a sud di Bressanone. Una terra di cultura e natura, vini pregiati e prodotti genuini, piste da sci e sentieri escursionistici. Una meta per tutti i gusti con paesaggi da favola!\" \/>\n<meta name=\"robots\" content=\"index, follow, max-snippet:-1, max-image-preview:large, max-video-preview:-1\" \/>\n<link rel=\"canonical\" href=\"https:\/\/www.sommersberger.com\/it\/in-valle\/\" \/>\n<meta property=\"og:locale\" content=\"it_IT\" \/>\n<meta property=\"og:type\" content=\"article\" \/>\n<meta property=\"og:title\" content=\"Bressanone e la Valle Isarco: una meta, mille sfaccettature\" \/>\n<meta property=\"og:description\" content=\"Il paesino di Albes, in Valle Isarco, giace immerso tra i vigneti e frutteti che si estendono a sud di Bressanone. Una terra di cultura e natura, vini pregiati e prodotti genuini, piste da sci e sentieri escursionistici. Una meta per tutti i gusti con paesaggi da favola!\" \/>\n<meta property=\"og:url\" content=\"https:\/\/www.sommersberger.com\/it\/in-valle\/\" \/>\n<meta property=\"og:site_name\" content=\"Sommersberger\" \/>\n<meta property=\"article:modified_time\" content=\"2021-05-31T07:32:55+00:00\" \/>\n<meta name=\"twitter:card\" content=\"summary_large_image\" \/>\n<meta name=\"twitter:label1\" content=\"Tempo di lettura stimato\" \/>\n\t<meta name=\"twitter:data1\" content=\"3 minuti\" \/>\n<script type=\"application\/ld+json\" class=\"yoast-schema-graph\">{\"@context\":\"https:\/\/schema.org\",\"@graph\":[{\"@type\":\"WebPage\",\"@id\":\"https:\/\/www.sommersberger.com\/it\/in-valle\/\",\"url\":\"https:\/\/www.sommersberger.com\/it\/in-valle\/\",\"name\":\"Bressanone e la Valle Isarco: una meta, mille sfaccettature\",\"isPartOf\":{\"@id\":\"https:\/\/www.sommersberger.com\/#website\"},\"datePublished\":\"2021-04-22T09:35:46+00:00\",\"dateModified\":\"2021-05-31T07:32:55+00:00\",\"description\":\"Il paesino di Albes, in Valle Isarco, giace immerso tra i vigneti e frutteti che si estendono a sud di Bressanone. Una terra di cultura e natura, vini pregiati e prodotti genuini, piste da sci e sentieri escursionistici. Una meta per tutti i gusti con paesaggi da favola!\",\"breadcrumb\":{\"@id\":\"https:\/\/www.sommersberger.com\/it\/in-valle\/#breadcrumb\"},\"inLanguage\":\"it-IT\",\"potentialAction\":[{\"@type\":\"ReadAction\",\"target\":[\"https:\/\/www.sommersberger.com\/it\/in-valle\/\"]}]},{\"@type\":\"BreadcrumbList\",\"@id\":\"https:\/\/www.sommersberger.com\/it\/in-valle\/#breadcrumb\",\"itemListElement\":[{\"@type\":\"ListItem\",\"position\":1,\"name\":\"Home\",\"item\":\"https:\/\/www.sommersberger.com\/it\/\"},{\"@type\":\"ListItem\",\"position\":2,\"name\":\"In valle\"}]},{\"@type\":\"WebSite\",\"@id\":\"https:\/\/www.sommersberger.com\/#website\",\"url\":\"https:\/\/www.sommersberger.com\/\",\"name\":\"Sommersberger\",\"description\":\"Urlaub auf dem Bauernhof in Brixen\",\"publisher\":{\"@id\":\"https:\/\/www.sommersberger.com\/#organization\"},\"potentialAction\":[{\"@type\":\"SearchAction\",\"target\":{\"@type\":\"EntryPoint\",\"urlTemplate\":\"https:\/\/www.sommersberger.com\/?s={search_term_string}\"},\"query-input\":\"required name=search_term_string\"}],\"inLanguage\":\"it-IT\"},{\"@type\":\"Organization\",\"@id\":\"https:\/\/www.sommersberger.com\/#organization\",\"name\":\"Sommersberger\",\"url\":\"https:\/\/www.sommersberger.com\/\",\"sameAs\":[],\"logo\":{\"@type\":\"ImageObject\",\"inLanguage\":\"it-IT\",\"@id\":\"https:\/\/www.sommersberger.com\/#\/schema\/logo\/image\/\",\"url\":\"https:\/\/www.sommersberger.com\/wp-content\/uploads\/2021\/04\/logo-sommersberger.svg\",\"contentUrl\":\"https:\/\/www.sommersberger.com\/wp-content\/uploads\/2021\/04\/logo-sommersberger.svg\",\"caption\":\"Sommersberger\"},\"image\":{\"@id\":\"https:\/\/www.sommersberger.com\/#\/schema\/logo\/image\/\"}}]}<\/script>\n<!-- \/ Yoast SEO plugin. -->","yoast_head_json":{"title":"Bressanone e la Valle Isarco: una meta, mille sfaccettature","description":"Il paesino di Albes, in Valle Isarco, giace immerso tra i vigneti e frutteti che si estendono a sud di Bressanone. Una terra di cultura e natura, vini pregiati e prodotti genuini, piste da sci e sentieri escursionistici. Una meta per tutti i gusti con paesaggi da favola!","robots":{"index":"index","follow":"follow","max-snippet":"max-snippet:-1","max-image-preview":"max-image-preview:large","max-video-preview":"max-video-preview:-1"},"canonical":"https:\/\/www.sommersberger.com\/it\/in-valle\/","og_locale":"it_IT","og_type":"article","og_title":"Bressanone e la Valle Isarco: una meta, mille sfaccettature","og_description":"Il paesino di Albes, in Valle Isarco, giace immerso tra i vigneti e frutteti che si estendono a sud di Bressanone. Una terra di cultura e natura, vini pregiati e prodotti genuini, piste da sci e sentieri escursionistici. Una meta per tutti i gusti con paesaggi da favola!","og_url":"https:\/\/www.sommersberger.com\/it\/in-valle\/","og_site_name":"Sommersberger","article_modified_time":"2021-05-31T07:32:55+00:00","twitter_card":"summary_large_image","twitter_misc":{"Tempo di lettura stimato":"3 minuti"},"schema":{"@context":"https:\/\/schema.org","@graph":[{"@type":"WebPage","@id":"https:\/\/www.sommersberger.com\/it\/in-valle\/","url":"https:\/\/www.sommersberger.com\/it\/in-valle\/","name":"Bressanone e la Valle Isarco: una meta, mille sfaccettature","isPartOf":{"@id":"https:\/\/www.sommersberger.com\/#website"},"datePublished":"2021-04-22T09:35:46+00:00","dateModified":"2021-05-31T07:32:55+00:00","description":"Il paesino di Albes, in Valle Isarco, giace immerso tra i vigneti e frutteti che si estendono a sud di Bressanone. Una terra di cultura e natura, vini pregiati e prodotti genuini, piste da sci e sentieri escursionistici. Una meta per tutti i gusti con paesaggi da favola!","breadcrumb":{"@id":"https:\/\/www.sommersberger.com\/it\/in-valle\/#breadcrumb"},"inLanguage":"it-IT","potentialAction":[{"@type":"ReadAction","target":["https:\/\/www.sommersberger.com\/it\/in-valle\/"]}]},{"@type":"BreadcrumbList","@id":"https:\/\/www.sommersberger.com\/it\/in-valle\/#breadcrumb","itemListElement":[{"@type":"ListItem","position":1,"name":"Home","item":"https:\/\/www.sommersberger.com\/it\/"},{"@type":"ListItem","position":2,"name":"In valle"}]},{"@type":"WebSite","@id":"https:\/\/www.sommersberger.com\/#website","url":"https:\/\/www.sommersberger.com\/","name":"Sommersberger","description":"Urlaub auf dem Bauernhof in Brixen","publisher":{"@id":"https:\/\/www.sommersberger.com\/#organization"},"potentialAction":[{"@type":"SearchAction","target":{"@type":"EntryPoint","urlTemplate":"https:\/\/www.sommersberger.com\/?s={search_term_string}"},"query-input":"required name=search_term_string"}],"inLanguage":"it-IT"},{"@type":"Organization","@id":"https:\/\/www.sommersberger.com\/#organization","name":"Sommersberger","url":"https:\/\/www.sommersberger.com\/","sameAs":[],"logo":{"@type":"ImageObject","inLanguage":"it-IT","@id":"https:\/\/www.sommersberger.com\/#\/schema\/logo\/image\/","url":"https:\/\/www.sommersberger.com\/wp-content\/uploads\/2021\/04\/logo-sommersberger.svg","contentUrl":"https:\/\/www.sommersberger.com\/wp-content\/uploads\/2021\/04\/logo-sommersberger.svg","caption":"Sommersberger"},"image":{"@id":"https:\/\/www.sommersberger.com\/#\/schema\/logo\/image\/"}}]}},"_links":{"self":[{"href":"https:\/\/www.sommersberger.com\/it\/wp-json\/wp\/v2\/pages\/3595"}],"collection":[{"href":"https:\/\/www.sommersberger.com\/it\/wp-json\/wp\/v2\/pages"}],"about":[{"href":"https:\/\/www.sommersberger.com\/it\/wp-json\/wp\/v2\/types\/page"}],"author":[{"embeddable":true,"href":"https:\/\/www.sommersberger.com\/it\/wp-json\/wp\/v2\/users\/1"}],"replies":[{"embeddable":true,"href":"https:\/\/www.sommersberger.com\/it\/wp-json\/wp\/v2\/comments?post=3595"}],"version-history":[{"count":26,"href":"https:\/\/www.sommersberger.com\/it\/wp-json\/wp\/v2\/pages\/3595\/revisions"}],"predecessor-version":[{"id":4131,"href":"https:\/\/www.sommersberger.com\/it\/wp-json\/wp\/v2\/pages\/3595\/revisions\/4131"}],"wp:attachment":[{"href":"https:\/\/www.sommersberger.com\/it\/wp-json\/wp\/v2\/media?parent=3595"}],"curies":[{"name":"wp","href":"https:\/\/api.w.org\/{rel}","templated":true}]}}